{"id":15,"date":"2025-12-10T09:34:47","date_gmt":"2025-12-10T08:34:47","guid":{"rendered":"https:\/\/hyperbaricconference.fumed.pl\/?page_id=15"},"modified":"2026-02-27T11:12:32","modified_gmt":"2026-02-27T10:12:32","slug":"prelegenci","status":"publish","type":"page","link":"https:\/\/hyperbaricconference.fumed.pl\/index.php\/prelegenci\/","title":{"rendered":"Prelegenci"},"content":{"rendered":"\t\t<div data-elementor-type=\"wp-page\" data-elementor-id=\"15\" class=\"elementor elementor-15\">\n\t\t\t\t<div class=\"elementor-element elementor-element-89ed888 e-flex e-con-boxed e-con e-parent\" data-id=\"89ed888\" data-element_type=\"container\" data-settings=\"{&quot;background_background&quot;:&quot;classic&quot;}\">\n\t\t\t\t\t<div class=\"e-con-inner\">\n\t\t\t\t\t<\/div>\n\t\t\t\t<\/div>\n\t\t<div class=\"elementor-element elementor-element-d8c43db e-flex e-con-boxed e-con e-parent\" data-id=\"d8c43db\" data-element_type=\"container\">\n\t\t\t\t\t<div class=\"e-con-inner\">\n\t\t<div class=\"elementor-element elementor-element-e475e73 e-con-full e-flex e-con e-child\" data-id=\"e475e73\" data-element_type=\"container\">\n\t\t\t\t<div class=\"elementor-element elementor-element-843429f elementor-widget elementor-widget-heading\" data-id=\"843429f\" data-element_type=\"widget\" data-widget_type=\"heading.default\">\n\t\t\t\t\t<h2 class=\"elementor-heading-title elementor-size-default\">Prelegenci<\/h2>\t\t\t\t<\/div>\n\t\t\t\t<\/div>\n\t\t\t\t\t<\/div>\n\t\t\t\t<\/div>\n\t\t<div class=\"elementor-element elementor-element-70d2f55 e-flex e-con-boxed e-con e-parent\" data-id=\"70d2f55\" data-element_type=\"container\">\n\t\t\t\t\t<div class=\"e-con-inner\">\n\t\t\t\t<div class=\"elementor-element elementor-element-42c862c elementor-widget elementor-widget-text-editor\" data-id=\"42c862c\" data-element_type=\"widget\" data-widget_type=\"text-editor.default\">\n\t\t\t\t\t\t\t\t\t<p>Prof. dr hab. Aleksander Siero\u0144 \u2014 \u015al\u0105ska Wy\u017csza Szko\u0142a Medyczna w Katowicach<br \/>Assoc. Prof. Tania Santiago Perez<br \/>Mateusz Harasymczuk \u2014 Akademia G\u00f3rniczo\u2011Hutnicza<br \/>Valadar Harelikau \u2014 Akademia G\u00f3rniczo\u2011Hutnicza<br \/>Agata Maria Ko\u0142odziejczyk \u2014 Akademia G\u00f3rniczo\u2011Hutnicza<br \/>Ryszard K\u0142os \u2014 Akademia Marynarki Wojennej<br \/>Piotr Siermontowski \u2014 Akademia Marynarki Wojennej<br \/>Stanis\u0142aw Skrzy\u0144ski \u2014 Akademia Marynarki Wojennej<br \/>Joanna Sowa \u2014 Akademia Marynarki Wojennej<br \/>Pawe\u0142 Stoltmann \u2014 Akademia Marynarki Wojennej<br \/>Karolina Wi\u015bniewska \u2014 Uniwersytet Gda\u0144ski<br \/>Jakub Wolski \u2014 dywizjon Zabezpieczenia Hydrograficznego Marynarki Wojennej<br \/>Arkadiusz Wo\u017aniak \u2014 Akademia Marynarki Wojennej<br \/>Aleksandra Ko\u0142tuniewicz \u2014 Akademia Wychowania Fizycznego im. Polskich Olimpijczyk\u00f3w we Wroc\u0142awiu<br \/>Marek Rejman \u2014 Akademia Wychowania Fizycznego im. Polskich Olimpijczyk\u00f3w we Wroc\u0142awiu<br \/>Daria Rudnik \u2014 Akademia Wychowania Fizycznego im. Polskich Olimpijczyk\u00f3w we Wroc\u0142awiu<br \/>Pawe\u0142 R\u00f3\u017ca\u0144ski \u2014 Akademia Wychowania Fizycznego J\u00f3zefa Pi\u0142sudskiego<br \/>S\u0142awomir Borowski \u2014 Copernicus Podmiot Leczniczy<br \/>Zuzanna Duda \u2014 Copernicus Podmiot Leczniczy<br \/>Filip D\u0105browksi \u2014 Copernicus Podmiot Leczniczy<br \/>Tomasz Mazurek \u2014 Copernicus Podmiot Leczniczy<br \/>Maciej Piotrowski \u2014 Copernicus Podmiot Leczniczy<br \/>Mariusz Treder \u2014 Copernicus Podmiot Leczniczy<br \/>Andrzej Wawruszczak \u2014 Copernicus Podmiot Leczniczy<br \/>Micha\u0142 \u017bychli\u0144ski \u2014 Copernicus Podmiot Leczniczy<br \/>S\u0142awomir Borowski \u2014 Gda\u0144ski Uniwersytet Medyczny<br \/>Filip D\u0105browksi \u2014 Gda\u0144ski Uniwersytet Medyczny<br \/>Tomasz Mazurek \u2014 Gda\u0144ski Uniwersytet Medyczny<br \/>Maciej Piotrowski \u2014 Gda\u0144ski Uniwersytet Medyczny<br \/>Mariusz Treder \u2014 Gda\u0144ski Uniwersytet Medyczny<br \/>Jaromir Jakacki \u2014 Instytut Oceanologii PAN<br \/>MSc Bernabe Moreno, Ph.D. Student \u2014 Instytut Oceanologii PAN<br \/>Maciej Muzyka \u2014 Instytut Oceanologii PAN<br \/>Anna Przyborska \u2014 Instytut Oceanologii PAN<br \/>Janusz Iwanicki \u2014 Lubelski Urz\u0105d Wojew\u00f3dzki<br \/>Marta W\u00f3jciak\u2011Czu\u0142a \u2014 Mazowiecki Szpital Br\u00f3dnowski<br \/>Justyna K\u0119czkowska \u2014 Politechnika \u015awi\u0119tokrzyska<br \/>Ma\u0142gorzata P\u0142aza \u2014 Politechnika \u015awi\u0119tokrzyska<br \/>Natalia \u0141api\u0144ska \u2014 Uniwersytet Jagiello\u0144ski<br \/>Barbara Nieradko\u2011Iwanicka \u2014 Uniwersytet Medyczny w Lublinie<br \/>Wojciech Bie\u0144skowski \u2014 Uniwersytet Medyczny w \u0141odzi<br \/>Gabriela Henrykowska \u2014 Uniwersytet Medyczny w \u0141odzi<br \/>W\u0142odzimierz Leszczy\u0144ski \u2014 Uniwersytet Medyczny w \u0141odzi<br \/>Jan Iwanicki \u2014 Uniwersytet Przyrodniczy w Lublinie<br \/>Andrzej Krzyszkowski \u2014 Uniwersytet Radomski<br \/>Dominika D\u0105browska \u2014 Uniwersytet \u015al\u0105ski w Katowicach<br \/>Wojciech Ryka\u0142a \u2014 Uniwersytet \u015al\u0105ski w Katowicach<br \/>Romuald Olsza\u0144ski \u2014 Wojskowy Instytut Medyczny<br \/>Agnieszka Wo\u017aniak\u2011Kosek \u2014 Wojskowy Instytut Medyczny \u2013 Pa\u0144stwowy Instytut Badawczy<\/p>\t\t\t\t\t\t\t\t<\/div>\n\t\t\t\t\t<\/div>\n\t\t\t\t<\/div>\n\t\t<div class=\"elementor-element elementor-element-fb0e44b e-con-full e-flex e-con e-parent\" data-id=\"fb0e44b\" data-element_type=\"container\" data-settings=\"{&quot;background_background&quot;:&quot;classic&quot;}\">\n\t\t<div class=\"elementor-element elementor-element-4d06a0b e-con-full e-flex e-con e-child\" data-id=\"4d06a0b\" data-element_type=\"container\">\n\t\t\t\t<div class=\"elementor-element elementor-element-f974005 elementor-widget elementor-widget-heading\" data-id=\"f974005\" data-element_type=\"widget\" data-widget_type=\"heading.default\">\n\t\t\t\t\t<h2 class=\"elementor-heading-title elementor-size-default\">Zg\u0142o\u015b sw\u00f3j aktywny udzia\u0142 w konferencji do 16 lutego 2026 i zosta\u0144 prelegentem.<\/h2>\t\t\t\t<\/div>\n\t\t\t\t<\/div>\n\t\t\t\t<\/div>\n\t\t<div class=\"elementor-element elementor-element-2c424f8 elementor-hidden-desktop elementor-hidden-tablet elementor-hidden-mobile e-flex e-con-boxed e-con e-parent\" data-id=\"2c424f8\" data-element_type=\"container\">\n\t\t\t\t\t<div class=\"e-con-inner\">\n\t\t<div class=\"elementor-element elementor-element-e49435f e-con-full e-flex e-con e-child\" data-id=\"e49435f\" data-element_type=\"container\">\n\t\t\t\t<div class=\"elementor-element elementor-element-c467434 elementor-widget elementor-widget-heading\" data-id=\"c467434\" data-element_type=\"widget\" data-widget_type=\"heading.default\">\n\t\t\t\t\t<h2 class=\"elementor-heading-title elementor-size-default\">Zg\u0142oszenia prelekcji \u2013 zasady i terminy<\/h2>\t\t\t\t<\/div>\n\t\t\t\t<\/div>\n\t\t\t\t\t<\/div>\n\t\t\t\t<\/div>\n\t\t<div class=\"elementor-element elementor-element-0181adf elementor-hidden-desktop elementor-hidden-tablet elementor-hidden-mobile e-flex e-con-boxed e-con e-parent\" data-id=\"0181adf\" data-element_type=\"container\">\n\t\t\t\t\t<div class=\"e-con-inner\">\n\t\t<div class=\"elementor-element elementor-element-c7b3345 e-con-full e-flex e-con e-child\" data-id=\"c7b3345\" data-element_type=\"container\">\n\t\t\t\t<div class=\"elementor-element elementor-element-f579e4a elementor-widget elementor-widget-text-editor\" data-id=\"f579e4a\" data-element_type=\"widget\" data-widget_type=\"text-editor.default\">\n\t\t\t\t\t\t\t\t\t<p><strong>Prelegenci mog\u0105 zg\u0142asza\u0107 m.in.:<\/strong><\/p><ul><li>prezentacje wynik\u00f3w bada\u0144,<\/li><li>przegl\u0105dy literatury i analizy,<\/li><li>studia przypadk\u00f3w i do\u015bwiadczenia praktyczne,<\/li><li>innowacyjne rozwi\u0105zania techniczne i technologiczne,<\/li><li>projekty, wdro\u017cenia oraz wynalazki,<\/li><li>opracowania dotycz\u0105ce bezpiecze\u0144stwa, in\u017cynierii i technologii \u015brodowisk wodnych.<\/li><\/ul>\t\t\t\t\t\t\t\t<\/div>\n\t\t\t\t<\/div>\n\t\t<div class=\"elementor-element elementor-element-c70256a e-con-full e-flex e-con e-child\" data-id=\"c70256a\" data-element_type=\"container\">\n\t\t\t\t<div class=\"elementor-element elementor-element-22ba769 elementor-widget elementor-widget-text-editor\" data-id=\"22ba769\" data-element_type=\"widget\" data-widget_type=\"text-editor.default\">\n\t\t\t\t\t\t\t\t\t<p><strong>Warunki rejestracji prelegent\u00f3w:<\/strong><\/p><ul><li>zg\u0142oszenie prelekcji odbywa si\u0119 poprzez formularz zg\u0142oszeniowy dost\u0119pny na stronie konferencji,<\/li><li>nale\u017cy poda\u0107: tytu\u0142 wyst\u0105pienia, imi\u0119 i nazwisko autora\/autor\u00f3w, afiliacj\u0119, streszczenie oraz dane kontaktowe,<\/li><li>jedno zg\u0142oszenie mo\u017ce zawiera\u0107 jednego lub wielu autor\u00f3w,<\/li><li>autor zg\u0142aszaj\u0105cy musi by\u0107 zarejestrowanym uczestnikiem konferencji,<\/li><li>wyst\u0105pienia zostan\u0105 zakwalifikowane po ocenie Komitetu Naukowego.<\/li><\/ul>\t\t\t\t\t\t\t\t<\/div>\n\t\t\t\t<\/div>\n\t\t\t\t\t<\/div>\n\t\t\t\t<\/div>\n\t\t<div class=\"elementor-element elementor-element-05e7cb6 elementor-hidden-desktop elementor-hidden-tablet elementor-hidden-mobile e-flex e-con-boxed e-con e-parent\" data-id=\"05e7cb6\" data-element_type=\"container\">\n\t\t\t\t\t<div class=\"e-con-inner\">\n\t\t\t\t<div class=\"elementor-element elementor-element-587a63b elementor-widget elementor-widget-text-editor\" data-id=\"587a63b\" data-element_type=\"widget\" data-widget_type=\"text-editor.default\">\n\t\t\t\t\t\t\t\t\t<p><strong>Lista prelegent\u00f3w<\/strong><\/p><p>Lista zakwalifikowanych prelegent\u00f3w oraz prelegent\u00f3w zaproszonych zostanie opublikowana po zamkni\u0119ciu rejestracji i ocenie wszystkich zg\u0142osze\u0144, wraz z og\u0142oszeniem kompletnego programu konferencji.<\/p><p>\u00a0<\/p><div class=\"notranslate\" style=\"all: initial;\">\u00a0<\/div>\t\t\t\t\t\t\t\t<\/div>\n\t\t\t\t\t<\/div>\n\t\t\t\t<\/div>\n\t\t<div class=\"elementor-element elementor-element-b1ffde2 elementor-hidden-desktop elementor-hidden-tablet elementor-hidden-mobile e-flex e-con-boxed e-con e-parent\" data-id=\"b1ffde2\" data-element_type=\"container\">\n\t\t\t\t\t<div class=\"e-con-inner\">\n\t\t<div class=\"elementor-element elementor-element-4656a7d e-con-full e-flex e-con e-child\" data-id=\"4656a7d\" data-element_type=\"container\">\n\t\t\t\t<div class=\"elementor-element elementor-element-faa727c elementor-widget elementor-widget-heading\" data-id=\"faa727c\" data-element_type=\"widget\" data-widget_type=\"heading.default\">\n\t\t\t\t\t<h2 class=\"elementor-heading-title elementor-size-default\">Sesja plakatowa \u2013 zg\u0142aszanie poster\u00f3w<\/h2>\t\t\t\t<\/div>\n\t\t\t\t<\/div>\n\t\t\t\t\t<\/div>\n\t\t\t\t<\/div>\n\t\t<div class=\"elementor-element elementor-element-d2108d5 elementor-hidden-desktop elementor-hidden-tablet elementor-hidden-mobile e-flex e-con-boxed e-con e-parent\" data-id=\"d2108d5\" data-element_type=\"container\">\n\t\t\t\t\t<div class=\"e-con-inner\">\n\t\t\t\t<div class=\"elementor-element elementor-element-f34e017 elementor-widget elementor-widget-text-editor\" data-id=\"f34e017\" data-element_type=\"widget\" data-widget_type=\"text-editor.default\">\n\t\t\t\t\t\t\t\t\t<p>Zapraszamy r\u00f3wnie\u017c do zg\u0142aszania poster\u00f3w naukowych na sesj\u0119 plakatow\u0105, kt\u00f3ra odb\u0119dzie si\u0119 w dw\u00f3ch cz\u0119\u015bciach podczas obu dni konferencji.<br \/><br \/><strong>Warunki zg\u0142aszania poster\u00f3w:<\/strong><\/p><ul><li>postery nale\u017cy zg\u0142asza\u0107 poprzez formularz dost\u0119pny na stronie,<\/li><li>wymagane s\u0105: tytu\u0142 posteru, imi\u0119 i nazwisko autora\/autor\u00f3w, afiliacja oraz streszczenie,<\/li><li>postery mog\u0105 dotyczy\u0107 tej samej tematyki, co prelekcje, w szczeg\u00f3lno\u015bci bada\u0144 naukowych, projekt\u00f3w technicznych, analiz i innowacji<\/li><li>maksymalny format posteru: A0, orientacja pionowa,<\/li><li>poster musi by\u0107 przygotowany w formie drukowanej przez autora i dostarczony w dniu konferencji,<\/li><li>autor posteru musi by\u0107 zarejestrowanym uczestnikiem wydarzenia.<\/li><\/ul><p><strong>Kwalifikacja poster\u00f3w<br \/><\/strong><br \/>Zg\u0142oszenia zostan\u0105 ocenione przez Komitet Naukowy. Lista zakwalifikowanych poster\u00f3w b\u0119dzie opublikowana razem z programem konferencji.<\/p>\t\t\t\t\t\t\t\t<\/div>\n\t\t\t\t\t<\/div>\n\t\t\t\t<\/div>\n\t\t\t\t<\/div>\n\t\t","protected":false},"excerpt":{"rendered":"<p>Prelegenci Prof. dr hab. Aleksander Siero\u0144 \u2014 \u015al\u0105ska Wy\u017csza Szko\u0142a Medyczna w KatowicachAssoc. Prof. Tania Santiago PerezMateusz Harasymczuk \u2014 Akademia [&hellip;]<\/p>\n","protected":false},"author":1,"featured_media":0,"parent":0,"menu_order":0,"comment_status":"closed","ping_status":"closed","template":"","meta":{"site-sidebar-layout":"no-sidebar","site-content-layout":"","ast-site-content-layout":"full-width-container","site-content-style":"default","site-sidebar-style":"default","ast-global-header-display":"","ast-banner-title-visibility":"","ast-main-header-display":"","ast-hfb-above-header-display":"","ast-hfb-below-header-display":"","ast-hfb-mobile-header-display":"","site-post-title":"disabled","ast-breadcrumbs-content":"","ast-featured-img":"disabled","footer-sml-layout":"","ast-disable-related-posts":"","theme-transparent-header-meta":"","adv-header-id-meta":"","stick-header-meta":"","header-above-stick-meta":"","header-main-stick-meta":"","header-below-stick-meta":"","astra-migrate-meta-layouts":"default","ast-page-background-enabled":"default","ast-page-background-meta":{"desktop":{"background-color":"var(--ast-global-color-5)","background-image":"","background-repeat":"repeat","background-position":"center center","background-size":"auto","background-attachment":"scroll","background-type":"","background-media":"","overlay-type":"","overlay-color":"","overlay-opacity":"","overlay-gradient":""},"tablet":{"background-color":"","background-image":"","background-repeat":"repeat","background-position":"center center","background-size":"auto","background-attachment":"scroll","background-type":"","background-media":"","overlay-type":"","overlay-color":"","overlay-opacity":"","overlay-gradient":""},"mobile":{"background-color":"","background-image":"","background-repeat":"repeat","background-position":"center center","background-size":"auto","background-attachment":"scroll","background-type":"","background-media":"","overlay-type":"","overlay-color":"","overlay-opacity":"","overlay-gradient":""}},"ast-content-background-meta":{"desktop":{"background-color":"var(--ast-global-color-4)","background-image":"","background-repeat":"repeat","background-position":"center center","background-size":"auto","background-attachment":"scroll","background-type":"","background-media":"","overlay-type":"","overlay-color":"","overlay-opacity":"","overlay-gradient":""},"tablet":{"background-color":"var(--ast-global-color-4)","background-image":"","background-repeat":"repeat","background-position":"center center","background-size":"auto","background-attachment":"scroll","background-type":"","background-media":"","overlay-type":"","overlay-color":"","overlay-opacity":"","overlay-gradient":""},"mobile":{"background-color":"var(--ast-global-color-4)","background-image":"","background-repeat":"repeat","background-position":"center center","background-size":"auto","background-attachment":"scroll","background-type":"","background-media":"","overlay-type":"","overlay-color":"","overlay-opacity":"","overlay-gradient":""}},"footnotes":""},"class_list":["post-15","page","type-page","status-publish","hentry"],"_links":{"self":[{"href":"https:\/\/hyperbaricconference.fumed.pl\/index.php\/wp-json\/wp\/v2\/pages\/15","targetHints":{"allow":["GET"]}}],"collection":[{"href":"https:\/\/hyperbaricconference.fumed.pl\/index.php\/wp-json\/wp\/v2\/pages"}],"about":[{"href":"https:\/\/hyperbaricconference.fumed.pl\/index.php\/wp-json\/wp\/v2\/types\/page"}],"author":[{"embeddable":true,"href":"https:\/\/hyperbaricconference.fumed.pl\/index.php\/wp-json\/wp\/v2\/users\/1"}],"replies":[{"embeddable":true,"href":"https:\/\/hyperbaricconference.fumed.pl\/index.php\/wp-json\/wp\/v2\/comments?post=15"}],"version-history":[{"count":34,"href":"https:\/\/hyperbaricconference.fumed.pl\/index.php\/wp-json\/wp\/v2\/pages\/15\/revisions"}],"predecessor-version":[{"id":676,"href":"https:\/\/hyperbaricconference.fumed.pl\/index.php\/wp-json\/wp\/v2\/pages\/15\/revisions\/676"}],"wp:attachment":[{"href":"https:\/\/hyperbaricconference.fumed.pl\/index.php\/wp-json\/wp\/v2\/media?parent=15"}],"curies":[{"name":"wp","href":"https:\/\/api.w.org\/{rel}","templated":true}]}}